{"version":"1.0","provider_name":"ELECPRO - Electricien \u00e0 OULLINS (69)","provider_url":"https:\/\/elecpro-lyon.fr","author_name":"cometikadmin","author_url":"https:\/\/elecpro-lyon.fr\/author\/cometikadmin\/","title":"Mise en lumi\u00e8re - ELECPRO - Electricien \u00e0 OULLINS (69)","type":"rich","width":600,"height":338,"html":"<blockquote class=\"wp-embedded-content\" data-secret=\"OilXMGYJLl\"><a href=\"https:\/\/elecpro-lyon.fr\/mise-en-lumiere-oullins\/\">Mise en lumi\u00e8re<\/a><\/blockquote><iframe sandbox=\"allow-scripts\" security=\"restricted\" src=\"https:\/\/elecpro-lyon.fr\/mise-en-lumiere-oullins\/embed\/#?secret=OilXMGYJLl\" width=\"600\" height=\"338\" title=\"\u00ab\u00a0Mise en lumi\u00e8re\u00a0\u00bb &#8212; ELECPRO - Electricien \u00e0 OULLINS (69)\" data-secret=\"OilXMGYJLl\" frameborder=\"0\" marginwidth=\"0\" marginheight=\"0\" scrolling=\"no\" class=\"wp-embedded-content\"><\/iframe><script type=\"text\/javascript\">\n\/* <![CDATA[ *\/\n\/*! This file is auto-generated *\/\n!function(d,l){\"use strict\";l.querySelector&&d.addEventListener&&\"undefined\"!=typeof URL&&(d.wp=d.wp||{},d.wp.receiveEmbedMessage||(d.wp.receiveEmbedMessage=function(e){var t=e.data;if((t||t.secret||t.message||t.value)&&!\/[^a-zA-Z0-9]\/.test(t.secret)){for(var s,r,n,a=l.querySelectorAll('iframe[data-secret=\"'+t.secret+'\"]'),o=l.querySelectorAll('blockquote[data-secret=\"'+t.secret+'\"]'),c=new RegExp(\"^https?:$\",\"i\"),i=0;i<o.length;i++)o[i].style.display=\"none\";for(i=0;i<a.length;i++)s=a[i],e.source===s.contentWindow&&(s.removeAttribute(\"style\"),\"height\"===t.message?(1e3<(r=parseInt(t.value,10))?r=1e3:~~r<200&&(r=200),s.height=r):\"link\"===t.message&&(r=new URL(s.getAttribute(\"src\")),n=new URL(t.value),c.test(n.protocol))&&n.host===r.host&&l.activeElement===s&&(d.top.location.href=t.value))}},d.addEventListener(\"message\",d.wp.receiveEmbedMessage,!1),l.addEventListener(\"DOMContentLoaded\",function(){for(var e,t,s=l.querySelectorAll(\"iframe.wp-embedded-content\"),r=0;r<s.length;r++)(t=(e=s[r]).getAttribute(\"data-secret\"))||(t=Math.random().toString(36).substring(2,12),e.src+=\"#?secret=\"+t,e.setAttribute(\"data-secret\",t)),e.contentWindow.postMessage({message:\"ready\",secret:t},\"*\")},!1)))}(window,document);\n\/* ]]> *\/\n<\/script>\n","description":"Faites confiance \u00e0 Elecpro pour vos travaux d\u2019installation d\u2019\u00e9clairage \u00e0 Oullins et dans la r\u00e9gion lyonnaise Sp\u00e9cialiste de l\u2019\u00e9lectricit\u00e9 g\u00e9n\u00e9rale \u00e0 Oullins, Elecpro vous accompagne dans l\u2019installation de vos syst\u00e8mes d\u2019\u00e9clairage int\u00e9rieurs et ext\u00e9rieurs. Que vous souhaitiez mettre en valeur votre logement, s\u00e9curiser vos abords ou cr\u00e9er une ambiance lumineuse [&hellip;]","thumbnail_url":"https:\/\/elecpro-lyon.fr\/wp-content\/uploads\/2023\/12\/mise-en-lumiere.png"}